{"id":19,"date":"2024-01-04T10:03:37","date_gmt":"2024-01-04T10:03:37","guid":{"rendered":"https:\/\/www.lafattoriadelleginestre.com\/web\/?page_id=19"},"modified":"2024-08-11T11:54:58","modified_gmt":"2024-08-11T11:54:58","slug":"notizie-e-pensieri","status":"publish","type":"page","link":"https:\/\/www.lafattoriadelleginestre.com\/web\/notizie-e-pensieri\/","title":{"rendered":"Alcuni pensieri"},"content":{"rendered":"\n<div class=\"wp-block-query is-layout-flow wp-block-query-is-layout-flow\"><ul class=\"wp-block-post-template is-layout-flow wp-block-post-template-is-layout-flow\"><li class=\"wp-block-post post-719 post type-post status-publish format-standard hentry category-pensieri\">\n<h1 class=\"has-link-color wp-elements-1 wp-block-post-title has-text-color has-black-color has-small-font-size\"><a href=\"https:\/\/www.lafattoriadelleginestre.com\/web\/2026\/08\/17\/pensiero-2\/\" target=\"_blank\" >Pensiero<\/a><\/h1>\n\n<div class=\"wp-block-post-date\"><time datetime=\"2026-08-17T15:53:03+00:00\">Agosto 17, 2026<\/time><\/div>\n\n<div class=\"wp-block-post-excerpt has-small-font-size\"><p class=\"wp-block-post-excerpt__excerpt\">I bambini oggi di cosa hanno bisogno ? Non \u00e8 una domanda da considerare con superficialit\u00e0 oppure da dare per scontata. Rispetto ad altri periodi storici potremmo dire che i bambini &#8211; almeno oggi e in questa parte di mondo- abbiano praticamente tutto. Non mancano dei generi di prima necessit\u00e0, i genitori sono attenti, hanno&hellip; <\/p><\/div>\n<\/li><li class=\"wp-block-post post-718 post type-post status-publish format-standard hentry category-pensieri\">\n<h1 class=\"has-link-color wp-elements-2 wp-block-post-title has-text-color has-black-color has-small-font-size\"><a href=\"https:\/\/www.lafattoriadelleginestre.com\/web\/2025\/11\/29\/pensiero\/\" target=\"_blank\" >Pensiero<\/a><\/h1>\n\n<div class=\"wp-block-post-date\"><time datetime=\"2025-11-29T22:34:45+00:00\">Novembre 29, 2025<\/time><\/div>\n\n<div class=\"wp-block-post-excerpt has-small-font-size\"><p class=\"wp-block-post-excerpt__excerpt\">&nbsp; Progettare la festa A chi non piace una festa ? Potremmo dire che \u00e8 il desiderio di tutti . Stiamo a casa perch\u00e9 \u00e8 festa . Andiamo ad una festa. Facciamo festa. Non vedo l&#8217;ora che arrivi la festa . Ma forse potremmo domandarci quali sono gli ingredienti per costruire una festa. Nel farlo&hellip; <\/p><\/div>\n<\/li><li class=\"wp-block-post post-716 post type-post status-publish format-standard hentry category-pensieri\">\n<h1 class=\"has-link-color wp-elements-3 wp-block-post-title has-text-color has-black-color has-small-font-size\"><a href=\"https:\/\/www.lafattoriadelleginestre.com\/web\/2025\/08\/21\/fattoria-delle-ginestre-uno-spazio-dapprendimento-non-formale\/\" target=\"_blank\" >Fattoria delle ginestre: uno spazio d&#8217;apprendimento non formale<\/a><\/h1>\n\n<div class=\"wp-block-post-date\"><time datetime=\"2025-08-21T09:40:25+00:00\">Agosto 21, 2025<\/time><\/div>\n\n<div class=\"wp-block-post-excerpt has-small-font-size\"><p class=\"wp-block-post-excerpt__excerpt\">Cosa sono i contesti d&#8217; apprendimento non formali ? Tutti conosciamo i contesti di apprendimento formali: essi si sviluppano principalmente nelle differenti scuole. I bambini e poi i ragazzi seguono vari insegnamenti , sempre pi\u00f9 specializzati man mano che crescono, che rispondono ad un programma che viene stilato dal Ministero preposto e che pu\u00f2 subire&hellip; <\/p><\/div>\n<\/li><\/ul>\n\n<nav class=\"wp-block-query-pagination is-layout-flex wp-block-query-pagination-is-layout-flex\" aria-label=\"Paginazione\">\n\n\n<div class=\"wp-block-query-pagination-numbers\"><span aria-current=\"page\" class=\"page-numbers current\">1<\/span>\n<a class=\"page-numbers\" href=\"?query-11-page=2\">2<\/a>\n<a class=\"page-numbers\" href=\"?query-11-page=3\">3<\/a>\n<span class=\"page-numbers dots\">&hellip;<\/span>\n<a class=\"page-numbers\" href=\"?query-11-page=6\">6<\/a><\/div>\n\n<a href=\"\/web\/wp-json\/wp\/v2\/pages\/19?query-11-page=2\" class=\"wp-block-query-pagination-next\">Pagina successiva<\/a>\n<\/nav>\n\n<\/div>\n","protected":false},"excerpt":{"rendered":"","protected":false},"author":1,"featured_media":0,"parent":0,"menu_order":0,"comment_status":"closed","ping_status":"closed","template":"","meta":{"ngg_post_thumbnail":0,"footnotes":""},"class_list":["post-19","page","type-page","status-publish","hentry"],"_links":{"self":[{"href":"https:\/\/www.lafattoriadelleginestre.com\/web\/wp-json\/wp\/v2\/pages\/19","targetHints":{"allow":["GET"]}}],"collection":[{"href":"https:\/\/www.lafattoriadelleginestre.com\/web\/wp-json\/wp\/v2\/pages"}],"about":[{"href":"https:\/\/www.lafattoriadelleginestre.com\/web\/wp-json\/wp\/v2\/types\/page"}],"author":[{"embeddable":true,"href":"https:\/\/www.lafattoriadelleginestre.com\/web\/wp-json\/wp\/v2\/users\/1"}],"replies":[{"embeddable":true,"href":"https:\/\/www.lafattoriadelleginestre.com\/web\/wp-json\/wp\/v2\/comments?post=19"}],"version-history":[{"count":17,"href":"https:\/\/www.lafattoriadelleginestre.com\/web\/wp-json\/wp\/v2\/pages\/19\/revisions"}],"predecessor-version":[{"id":649,"href":"https:\/\/www.lafattoriadelleginestre.com\/web\/wp-json\/wp\/v2\/pages\/19\/revisions\/649"}],"wp:attachment":[{"href":"https:\/\/www.lafattoriadelleginestre.com\/web\/wp-json\/wp\/v2\/media?parent=19"}],"curies":[{"name":"wp","href":"https:\/\/api.w.org\/{rel}","templated":true}]}}