{"id":164,"date":"2024-01-10T13:00:14","date_gmt":"2024-01-10T13:00:14","guid":{"rendered":"https:\/\/www.lafattoriadelleginestre.com\/web\/?page_id=164"},"modified":"2024-01-31T17:00:52","modified_gmt":"2024-01-31T17:00:52","slug":"cosa-facciamo","status":"publish","type":"page","link":"https:\/\/www.lafattoriadelleginestre.com\/web\/cosa-facciamo\/","title":{"rendered":"Cosa facciamo"},"content":{"rendered":"\n<!DOCTYPE html>\n<html>\n  <head>\n    <meta http-equiv=\"content-type\" content=\"text\/html; charset=UTF-8\">\n    <title><\/title>\n  <\/head>\n  <body>\n    <p style=\"font-weight: normal; line-height: 115%; margin-bottom: 0cm; border: none; padding: 0cm\">\n      <font color=\"#333333\"><font face=\"Verdana, sans-serif, serif, EmojiFont\"><font\n\n            style=\"font-size: 14pt\" size=\"3\">Fattoria delle ginestre,\n            agriturismo culturale e fattoria didattica, \u00e8 una vera risorsa per\n            la qualit\u00e0 e continuit\u00e0 delle sue proposte. Un accurato servizio di\n            newsletter permette di essere costantemente aggiornati circa i\n            dettagli della programmazione e di ricevere riflessioni di ordine\n            pedagogico e didattico sulle tematiche emergenti. <\/font><\/font><\/font>\n    <\/p>\n    <p style=\"font-weight: normal; line-height: 115%; margin-bottom: 0cm; border: none; padding: 0cm\">\n      <br>\n    <\/p>\n    <p style=\"font-weight: normal; line-height: 115%; margin-bottom: 0cm; border: none; padding: 0cm\">\n      <font color=\"#333333\"><font face=\"Verdana, sans-serif, serif, EmojiFont\"><font\n\n            style=\"font-size: 12pt\" size=\"3\"><u>Progetto bambini<\/u><\/font><\/font><\/font><\/p>\n    <p style=\"font-weight: normal; line-height: 115%; margin-bottom: 0cm; border: none; padding: 0cm\">\n      <font color=\"#333333\"><font face=\"Verdana, sans-serif, serif, EmojiFont\"><font\n\n            style=\"font-size: 12pt\" size=\"3\">accoglienza di bambini e ragazzi\n            durante tutto il periodo estivo<\/font><\/font><\/font><\/p>\n    <p style=\"font-weight: normal; line-height: 115%; margin-bottom: 0cm; border: none; padding: 0cm\">\n      <font color=\"#333333\"><font face=\"Verdana, sans-serif, serif, EmojiFont\"><font\n\n            style=\"font-size: 12pt\" size=\"3\">accoglienza dei pi\u00f9 piccoli in\n            fattoria didattica durante tutto l\u2019anno<\/font><\/font><\/font><\/p>\n    <p style=\"font-weight: normal; line-height: 115%; margin-bottom: 0cm; border: none; padding: 0cm\">\n      <font color=\"#333333\"><font face=\"Verdana, sans-serif, serif, EmojiFont\"><font\n\n            style=\"font-size: 12pt\" size=\"3\">ospitiamo vari progetti d\u2019impronta\n            creativa <\/font><\/font><\/font> <\/p>\n    <p style=\"font-weight: normal; line-height: 115%; margin-bottom: 0cm; border: none; padding: 0cm\">\n      <font color=\"#333333\"><font face=\"Verdana, sans-serif, serif, EmojiFont\"><font\n\n            style=\"font-size: 12pt\" size=\"3\">promuoviamo didattiche innovative\n            tra arte, natura e creativit\u00e0 <\/font><\/font><\/font> <\/p>\n    <p style=\"font-weight: normal; line-height: 115%; margin-bottom: 0cm; border: none; padding: 0cm\">\n      <br>\n    <\/p>\n    <p style=\"font-weight: normal; line-height: 115%; margin-bottom: 0cm; border: none; padding: 0cm\">\n      <font color=\"#333333\"><font face=\"Verdana, sans-serif, serif, EmojiFont\"><font\n\n            style=\"font-size: 12pt\" size=\"3\"><u>Progetto scuola<\/u><\/font><\/font><\/font><\/p>\n    <p style=\"font-weight: normal; line-height: 115%; margin-bottom: 0cm; border: none; padding: 0cm\">\n      <font color=\"#333333\"><font face=\"Verdana, sans-serif, serif, EmojiFont\"><font\n\n            style=\"font-size: 12pt\" size=\"3\">ospitiamo le gite scolastiche nelle\n            nostra Fattoria Didattica ( tra le prime riconosciuta da Regione\n            Lombardia ) <\/font><\/font><\/font> <\/p>\n    <p style=\"font-weight: normal; line-height: 115%; margin-bottom: 0cm; border: none; padding: 0cm\">\n      <font color=\"#333333\"><font face=\"Verdana, sans-serif, serif, EmojiFont\"><font\n\n            style=\"font-size: 12pt\" size=\"3\">organizziamo seminari e formazione\n            per i docenti<\/font><\/font><\/font><\/p>\n    <p style=\"font-weight: normal; line-height: 115%; margin-bottom: 0cm; border: none; padding: 0cm\">\n      <font color=\"#333333\"><font face=\"Verdana, sans-serif, serif, EmojiFont\"><font\n\n            style=\"font-size: 12pt\" size=\"3\">possiamo essere partner in progetti\n          <\/font><\/font><\/font> <\/p>\n    <p style=\"font-weight: normal; line-height: 115%; margin-bottom: 0cm; border: none; padding: 0cm\">\n      <br>\n    <\/p>\n    <p style=\"font-weight: normal; line-height: 115%; margin-bottom: 0cm; border: none; padding: 0cm\">\n      <font color=\"#333333\"><font face=\"Verdana, sans-serif, serif, EmojiFont\"><font\n\n            style=\"font-size: 12pt\" size=\"3\"><u>Formazione<\/u><\/font><\/font><\/font><\/p>\n    <p style=\"font-weight: normal; line-height: 115%; margin-bottom: 0cm; border: none; padding: 0cm; text-decoration: none\">\n      <font color=\"#333333\"><font face=\"Verdana, sans-serif, serif, EmojiFont\"><font\n\n            style=\"font-size: 12pt\" size=\"3\">proponiamo percorsi formativi su\n            varie tematiche <\/font><\/font><\/font> <\/p>\n    <p style=\"font-weight: normal; line-height: 115%; margin-bottom: 0cm; border: none; padding: 0cm\">\n      <font color=\"#333333\"><font face=\"Verdana, sans-serif, serif, EmojiFont\"><font\n\n            style=\"font-size: 12pt\" size=\"3\">siamo, da venti anni, centro di\n            formazione Metodo Bruno Munari<\/font><\/font><\/font><\/p>\n    <p style=\"font-weight: normal; line-height: 115%; margin-bottom: 0cm; border: none; padding: 0cm\">\n      <font color=\"#333333\"><font face=\"Verdana, sans-serif, serif, EmojiFont\"><font\n\n            style=\"font-size: 12pt\" size=\"3\">organizziamo fine settimana\n            formativi per docenti, ricercatori, studenti universitari e\n            appassionati della tematica creativa <\/font><\/font><\/font> <\/p>\n    <p style=\"font-weight: normal; line-height: 115%; margin-bottom: 0cm; border: none; padding: 0cm\">\n      <font color=\"#333333\"><font face=\"Verdana, sans-serif, serif, EmojiFont\"><font\n\n            style=\"font-size: 12pt\" size=\"3\">accogliamo studenti nei progetti di\n            alternanza scuola\\lavoro e in stage universitari <\/font><\/font><\/font>\n    <\/p>\n    <p style=\"font-weight: normal; line-height: 115%; margin-bottom: 0cm; border: none; padding: 0cm\">\n      <br>\n    <\/p>\n    <p style=\"font-weight: normal; line-height: 115%; margin-bottom: 0cm; border: none; padding: 0cm\">\n      <font color=\"#333333\"><font face=\"Verdana, sans-serif, serif, EmojiFont\"><font\n\n            style=\"font-size: 12pt\" size=\"3\"><u>Progetto famiglia<\/u><\/font><\/font><\/font><\/p>\n    <p style=\"font-weight: normal; line-height: 115%; margin-bottom: 0cm; border: none; padding: 0cm\">\n      <font color=\"#333333\"><font face=\"Verdana, sans-serif, serif, EmojiFont\"><font\n\n            style=\"font-size: 12pt\" size=\"3\">proponiamo giornate di esperienze\n            per genitori e bimbi insieme<\/font><\/font><\/font><\/p>\n    <p style=\"font-weight: normal; line-height: 115%; margin-bottom: 0cm; border: none; padding: 0cm\">\n      <font color=\"#333333\"><font face=\"Verdana, sans-serif, serif, EmojiFont\"><font\n\n            style=\"font-size: 12pt\" size=\"3\">realizziamo seminari e\n            conversazioni per genitori ed operatori della didattica<\/font><\/font><\/font><\/p>\n    <p style=\"font-weight: normal; line-height: 115%; margin-bottom: 0cm; border: none; padding: 0cm\">\n      <font color=\"#333333\"><font face=\"Verdana, sans-serif, serif, EmojiFont\"><font\n\n            style=\"font-size: 12pt\" size=\"3\">proponiamo \u201c dirette facebook\u201d per\n            riflettere sulle tematiche educative emergenti<\/font><\/font><\/font><\/p>\n    <p style=\"font-weight: normal; line-height: 115%; margin-bottom: 0cm; border: none; padding: 0cm\">\n      <font color=\"#333333\"><font face=\"Verdana, sans-serif, serif, EmojiFont\"><font\n\n            style=\"font-size: 12pt\" size=\"3\">accogliamo e progettiamo momenti di\n            festa che coinvolgano grandi e piccini <\/font><\/font><\/font> <\/p>\n    <p style=\"font-weight: normal; line-height: 115%; margin-bottom: 0cm; border: none; padding: 0cm\">\n      <br>\n    <\/p>\n    <p style=\"font-weight: normal; line-height: 115%; margin-bottom: 0cm; border: none; padding: 0cm\">\n      <font color=\"#333333\"><font face=\"Verdana, sans-serif, serif, EmojiFont\"><font\n\n            style=\"font-size: 12pt\" size=\"3\"><u>Organizzazione di eventi culturali e sociali<\/u><\/font><\/font><\/font><\/p>\n    <p style=\"font-weight: normal; line-height: 115%; margin-bottom: 0cm; border: none; padding: 0cm\">\n      <font color=\"#333333\"><font face=\"Verdana, sans-serif, serif, EmojiFont\"><font\n\n            style=\"font-size: 12pt\" size=\"3\">possiamo progettare vari tipi di\n            feste anche per i compleanni<\/font><\/font><\/font><\/p>\n    <p style=\"font-weight: normal; line-height: 115%; margin-bottom: 0cm; border: none; padding: 0cm\">\n      <font color=\"#333333\"><font face=\"Verdana, sans-serif, serif, EmojiFont\"><font\n\n            style=\"font-size: 12pt\" size=\"3\">abbiamo organizzato eventi per far\n            meglio conoscere il territorio e le sue tradizioni<\/font><\/font><\/font><\/p>\n    <p style=\"font-weight: normal; line-height: 115%; margin-bottom: 0cm; border: none; padding: 0cm\">\n      <font color=\"#333333\"><font face=\"Verdana, sans-serif, serif, EmojiFont\"><font\n\n            style=\"font-size: 12pt\" size=\"3\">promuoviamo la fruizione\n            dell&#8217;ambiente di \u201c prima collina \u201c per le sue componenti\n            paesaggistiche ed ambientali <\/font><\/font><\/font> <\/p>\n    <p style=\"font-weight: normal; line-height: 115%; margin-bottom: 0cm; border: none; padding: 0cm\">\n      <br>\n    <\/p>\n    <p style=\"font-weight: normal; line-height: 115%; margin-bottom: 0cm; border: none; padding: 0cm\">\n      <font color=\"#333333\"><font face=\"Times New Roman, Times, serif\"><font style=\"font-size: 11pt\"\n\n            size=\"2\"><font color=\"#000000\"><font face=\"Verdana, sans-serif, serif, EmojiFont\"><font\n\n                  style=\"font-size: 12pt\" size=\"3\"><u>Accoglienza ospiti<\/u><\/font><\/font><\/font>&nbsp;<font\n\n              face=\"Verdana, sans-serif, serif, EmojiFont\"><font style=\"font-size: 12pt\"\n\n                size=\"3\">con pernottamento<\/font><\/font><\/font><\/font><\/font><\/p>\n    <p><\/p>\n  <\/body>\n<\/html>\n\n\n\n<p class=\"wp-block-paragraph\"><\/p>\n\n\n\n<p class=\"has-small-font-size wp-block-paragraph\"><em>Fare clic sull&#8217;immagine per ingrandirla<\/em><\/p>\n\n\n\nngg_shortcode_0_placeholder\n","protected":false},"excerpt":{"rendered":"<p>Fattoria delle ginestre, agriturismo culturale e fattoria didattica, \u00e8 una vera risorsa per la qualit\u00e0 e continuit\u00e0 delle sue proposte. Un accurato servizio di newsletter permette di essere costantemente aggiornati circa i dettagli della programmazione e di ricevere riflessioni di ordine pedagogico e didattico sulle tematiche emergenti. Progetto bambini accoglienza di bambini e ragazzi durante tutto il periodo estivo accoglienza [&hellip;]<\/p>\n","protected":false},"author":1,"featured_media":0,"parent":0,"menu_order":0,"comment_status":"closed","ping_status":"closed","template":"","meta":{"ngg_post_thumbnail":0,"footnotes":""},"class_list":["post-164","page","type-page","status-publish","hentry"],"_links":{"self":[{"href":"https:\/\/www.lafattoriadelleginestre.com\/web\/wp-json\/wp\/v2\/pages\/164","targetHints":{"allow":["GET"]}}],"collection":[{"href":"https:\/\/www.lafattoriadelleginestre.com\/web\/wp-json\/wp\/v2\/pages"}],"about":[{"href":"https:\/\/www.lafattoriadelleginestre.com\/web\/wp-json\/wp\/v2\/types\/page"}],"author":[{"embeddable":true,"href":"https:\/\/www.lafattoriadelleginestre.com\/web\/wp-json\/wp\/v2\/users\/1"}],"replies":[{"embeddable":true,"href":"https:\/\/www.lafattoriadelleginestre.com\/web\/wp-json\/wp\/v2\/comments?post=164"}],"version-history":[{"count":5,"href":"https:\/\/www.lafattoriadelleginestre.com\/web\/wp-json\/wp\/v2\/pages\/164\/revisions"}],"predecessor-version":[{"id":617,"href":"https:\/\/www.lafattoriadelleginestre.com\/web\/wp-json\/wp\/v2\/pages\/164\/revisions\/617"}],"wp:attachment":[{"href":"https:\/\/www.lafattoriadelleginestre.com\/web\/wp-json\/wp\/v2\/media?parent=164"}],"curies":[{"name":"wp","href":"https:\/\/api.w.org\/{rel}","templated":true}]}}